{"id":9563,"date":"2022-10-23T23:15:21","date_gmt":"2022-10-24T04:15:21","guid":{"rendered":"http:\/\/www.thepuertovallartaairport.com\/?page_id=9563"},"modified":"2025-12-03T13:52:06","modified_gmt":"2025-12-03T19:52:06","slug":"gelenler","status":"publish","type":"page","link":"https:\/\/theistanbulairport.com\/tr\/arrivals\/","title":{"rendered":"Var\u0131\u015flar"},"content":{"rendered":"<div class=\"gb-container gb-container-4dbb7a7e\"><div class=\"gb-inside-container\">\n\n<div class=\"avionio-widget\">\n  <iframe frameborder=\"0\" style=\"border:0; width: 100%; height: 95%; min-height: 650px; margin:0; padding:0;\" src=\"https:\/\/www.avionio.com\/widget\/en\/ist\/arrivals\"><\/iframe>\n  <div style=\"font-family: arial,sans-serif; font-size:12px; width: 100%; text-align: center; padding-top: 7px; border-top: 1px solid #65747e;\">\n  <\/div>\n<\/div>\n\n<\/div><\/div>\n\n<div class=\"gb-container gb-container-f858d36b\"><div class=\"gb-inside-container\">\n<div class=\"gb-grid-wrapper gb-grid-wrapper-14a8f780\">\n<div class=\"gb-grid-column gb-grid-column-edb73bbd\"><div class=\"gb-container gb-container-edb73bbd\"><div class=\"gb-inside-container\">\n\n<figure class=\"wp-block-embed is-type-video is-provider-youtube wp-block-embed-youtube wp-embed-aspect-16-9 wp-has-aspect-ratio\"><div class=\"wp-block-embed__wrapper\">\n<iframe loading=\"lazy\" title=\"\u0130GA \u0130stanbul Havaliman\u0131 D\u0131\u015f Hatlar Gelen Yolcu\" width=\"1200\" height=\"675\" src=\"https:\/\/www.youtube.com\/embed\/dr1EEr7ENeQ?feature=oembed\" frameborder=\"0\" allow=\"accelerometer; autoplay; clipboard-write; encrypted-media; gyroscope; picture-in-picture; web-share\" referrerpolicy=\"strict-origin-when-cross-origin\" allowfullscreen><\/iframe>\n<\/div><\/figure>\n\n<\/div><\/div><\/div>\n\n<div class=\"gb-grid-column gb-grid-column-c4a61ffa\"><div class=\"gb-container gb-container-c4a61ffa\"><div class=\"gb-inside-container\">\n\n<h2 class=\"gb-headline gb-headline-064d209f gb-headline-text\">\u0130stanbul Havaliman\u0131 Geli\u015fler &amp; Bug\u00fcnk\u00fc U\u00e7u\u015f Durumu<\/h2>\n\n\n\n<p>A\u015fa\u011f\u0131da, bug\u00fcn\u00fcn en son, en g\u00fcncel, canl\u0131 u\u00e7u\u015f durumunu ve \u0130stanbul Havaliman\u0131 (IST) var\u0131\u015flar\u0131n\u0131 bulabilirsiniz.<\/p>\n\n\n\n<p>Herhangi bir nedenle \u0130stanbul Havaliman\u0131 kapal\u0131ysa, a\u015fa\u011f\u0131daki tablo \u0130stanbul'a u\u00e7u\u015f var\u0131\u015flar\u0131yla ilgili en son bilgileri yans\u0131tacakt\u0131r.<\/p>\n\n\n\n<p>T\u00fcm havayolu gecikmeleri, iptalleri ve kapan\u0131\u015flar\u0131 a\u015fa\u011f\u0131daki \u0130stanbul Havaliman\u0131 Geli\u015f program\u0131nda otomatik olarak g\u00fcncellenecektir.<\/p>\n\n<\/div><\/div><\/div>\n<\/div>\n<\/div><\/div>\n\n<div class=\"gb-container gb-container-21e95791\" id=\"esim\">\n<div class=\"gb-container gb-container-84442193\">\n<div class=\"gb-container gb-container-c12f3e62\">\n<div class=\"gb-grid-wrapper gb-grid-wrapper-6902fb3f\">\n<div class=\"gb-grid-column gb-grid-column-8fd56d32\"><div class=\"gb-container gb-container-8fd56d32\">\n\n<figure class=\"gb-block-image gb-block-image-884fae3c\"><img loading=\"lazy\" decoding=\"async\" width=\"1200\" height=\"800\" class=\"gb-image gb-image-884fae3c\" src=\"https:\/\/theistanbulairport.com\/wp-content\/uploads\/2024\/10\/Turkey-eSIM.png\" alt=\"T\u00fcrkiye eSIM\" title=\"T\u00fcrkiye eSIM\" srcset=\"https:\/\/theistanbulairport.com\/wp-content\/uploads\/2024\/10\/Turkey-eSIM.png 1200w, https:\/\/theistanbulairport.com\/wp-content\/uploads\/2024\/10\/Turkey-eSIM-300x200.png 300w, https:\/\/theistanbulairport.com\/wp-content\/uploads\/2024\/10\/Turkey-eSIM-1024x683.png 1024w, https:\/\/theistanbulairport.com\/wp-content\/uploads\/2024\/10\/Turkey-eSIM-768x512.png 768w, https:\/\/theistanbulairport.com\/wp-content\/uploads\/2024\/10\/Turkey-eSIM-18x12.png 18w\" sizes=\"auto, (max-width: 1200px) 100vw, 1200px\" \/><\/figure>\n\n<\/div><\/div>\n\n<div class=\"gb-grid-column gb-grid-column-a0f3c3a3\"><div class=\"gb-container gb-container-a0f3c3a3\">\n<div class=\"gb-container gb-container-c947c2a1\">\n\n<h3 class=\"gb-headline gb-headline-10610f63 gb-headline-text\">T\u00fcrkiye'de ba\u011flant\u0131da kal\u0131n!<\/h3>\n\n<\/div>\n\n\n<p class=\"gb-headline gb-headline-8dae59c0 gb-headline-text\">\u0130stanbul'da seyahat ederken aileniz ve arkada\u015flar\u0131n\u0131zla ileti\u015fim halinde kalman\u0131n en kolay ve ekonomik yolu, var\u0131\u015f\u0131n\u0131zdan \u00f6nce bir T\u00fcrkiye eSIM'i sat\u0131n almakt\u0131r.<\/p>\n\n\n\n<p class=\"gb-headline gb-headline-cbf492cf gb-headline-text\">\u00dccretlendirilmekten ka\u00e7\u0131n\u0131n <strong><em>a\u015f\u0131r\u0131<\/em><\/strong> veri dola\u015f\u0131m \u00fccretleri ve 20 GB'a kadar veri i\u00e7eren \u00f6n \u00f6demeli bir eSIM ile seyahatiniz boyunca ba\u011flant\u0131da kal\u0131n.<\/p>\n\n\n\n<p class=\"gb-headline gb-headline-34ba7b27 gb-headline-text\"><strong><mark style=\"background-color:#d5ff2b\" class=\"has-inline-color\">BONUS:<\/mark><\/strong> Promosyon kodunu kullan\u0131n: <strong>AP411<\/strong> \u00f6deme s\u0131ras\u0131nda $3 USD indirim kazanmak i\u00e7in!<\/p>\n\n\n\n<a class=\"gb-button gb-button-95f700a5\" href=\"https:\/\/alosim.com\/turkey-esim\/?uid=613&amp;oid=9&amp;affid=255&amp;source_id=ist-arrivals\" target=\"_blank\" rel=\"nofollow noopener noreferrer\"><span class=\"gb-button-text\">DAHA FAZLA BI\u0307LGI\u0307 EDI\u0307NI\u0307N<\/span><span class=\"gb-icon\"><svg viewbox=\"0 0 256 256\" height=\"32\" width=\"32\" xmlns=\"http:\/\/www.w3.org\/2000\/svg\"><path d=\"M128 24a104 104 0 1 0 104 104A104.11 104.11 0 0 0 128 24m0 192a88 88 0 1 1 88-88a88.1 88.1 0 0 1-88 88m45.66-93.66a8 8 0 0 1 0 11.32l-32 32a8 8 0 0 1-11.32-11.32L148.69 136H88a8 8 0 0 1 0-16h60.69l-18.35-18.34a8 8 0 0 1 11.32-11.32Z\" fill=\"currentColor\"><\/path><\/svg><\/span><\/a>\n\n<\/div><\/div>\n<\/div>\n<\/div>\n<\/div>\n<\/div>","protected":false},"excerpt":{"rendered":"","protected":false},"author":1,"featured_media":11290,"parent":0,"menu_order":0,"comment_status":"closed","ping_status":"closed","template":"","meta":{"_monsterinsights_skip_tracking":false,"_monsterinsights_sitenote_active":false,"_monsterinsights_sitenote_note":"","_monsterinsights_sitenote_category":0,"footnotes":""},"class_list":["post-9563","page","type-page","status-publish","has-post-thumbnail"],"_links":{"self":[{"href":"https:\/\/theistanbulairport.com\/tr\/wp-json\/wp\/v2\/pages\/9563","targetHints":{"allow":["GET"]}}],"collection":[{"href":"https:\/\/theistanbulairport.com\/tr\/wp-json\/wp\/v2\/pages"}],"about":[{"href":"https:\/\/theistanbulairport.com\/tr\/wp-json\/wp\/v2\/types\/page"}],"author":[{"embeddable":true,"href":"https:\/\/theistanbulairport.com\/tr\/wp-json\/wp\/v2\/users\/1"}],"replies":[{"embeddable":true,"href":"https:\/\/theistanbulairport.com\/tr\/wp-json\/wp\/v2\/comments?post=9563"}],"version-history":[{"count":39,"href":"https:\/\/theistanbulairport.com\/tr\/wp-json\/wp\/v2\/pages\/9563\/revisions"}],"predecessor-version":[{"id":11871,"href":"https:\/\/theistanbulairport.com\/tr\/wp-json\/wp\/v2\/pages\/9563\/revisions\/11871"}],"wp:featuredmedia":[{"embeddable":true,"href":"https:\/\/theistanbulairport.com\/tr\/wp-json\/wp\/v2\/media\/11290"}],"wp:attachment":[{"href":"https:\/\/theistanbulairport.com\/tr\/wp-json\/wp\/v2\/media?parent=9563"}],"curies":[{"name":"wp","href":"https:\/\/api.w.org\/{rel}","templated":true}]}}